{"id":9223,"date":"2023-04-19T11:01:29","date_gmt":"2023-04-19T10:01:29","guid":{"rendered":"https:\/\/vilagrasa.omitsisdev.com\/?page_id=9223"},"modified":"2024-10-11T09:30:00","modified_gmt":"2024-10-11T08:30:00","slug":"a-propos-de-nous-2","status":"publish","type":"page","link":"https:\/\/vilagrasa.com\/fr\/a-propos-de-nous-2\/","title":{"rendered":"\u00c0 propos de nous"},"content":{"rendered":"\n<div class=\"wp-block-cover alignfull is-light\" style=\"min-height:100vh;aspect-ratio:unset;\" id=\"banner-home\"><span aria-hidden=\"true\" class=\"wp-block-cover__background has-background-dim-0 has-background-dim\" style=\"background-color:#000000\"><\/span><img decoding=\"async\" class=\"wp-block-cover__image-background wp-image-25\" alt=\"\" src=\"https:\/\/vilagrasa.com\/wp-content\/uploads\/2021\/12\/Slider_FAMILIA_PAPELERAS.jpg\" style=\"object-position:51% 52%\" data-object-fit=\"cover\" data-object-position=\"51% 52%\"\/><div class=\"wp-block-cover__inner-container is-layout-flow wp-block-cover-is-layout-flow\">\n<h1 class=\"texto-440 wp-block-heading\">Nosotros<\/h1>\n\n\n\n<p class=\"has-ast-global-color-5-color has-text-color\"><em>Notre mission est ax\u00e9e sur la cr\u00e9ation de pi\u00e8ces destin\u00e9es \u00e0 am\u00e9liorer la qualit\u00e9 de vie des gens.<\/em><\/p>\n<\/div><\/div>\n\n<section class=\"wp-block-uagb-section uagb-section__wrap uagb-section__background-undefined uagb-block-3520a699\" id=\"nosotros-sumario\"><div class=\"uagb-section__overlay\"><\/div><div class=\"uagb-section__inner-wrap\">\n<section class=\"wp-block-uagb-columns uagb-columns__wrap uagb-columns__background-undefined uagb-columns__stack-mobile uagb-columns__valign-undefined uagb-columns__gap-10 alignundefined uagb-block-165d9104\"><div class=\"uagb-columns__overlay\"><\/div><div class=\"uagb-columns__inner-wrap uagb-columns__columns-2\">\n<div class=\"wp-block-uagb-column uagb-column__wrap uagb-column__background-undefined uagb-block-c8ad0561 text-center\"><div class=\"uagb-column__overlay\"><\/div><div class=\"uagb-column__inner-wrap\">\n<p class=\"has-text-align-left\">Vilagrasa est sp\u00e9cialis\u00e9e dans la conception et la production de corbeilles \u00e0 papier et d&#8217;accessoires pour des bureaux, des espaces publics, des infrastructures, des maisons et pour le secteur contract.<\/p>\n\n\n\n<p class=\"has-text-align-left\">Notre \u00e9thos est fond\u00e9 sur la conception de pi\u00e8ces qui apportent une plus grande fonctionnalit\u00e9 \u00e0 tout type d&#8217;espace, contribuant ainsi \u00e0 rendre la vie des gens plus facile et plus saine.<\/p>\n\n\n\n<h2 class=\"has-text-align-left wp-block-heading\" style=\"font-size:48px\">Nous concevons avec une vision de l&#8217;avenir<\/h2>\n\n\n\n<p class=\"has-text-align-left\">Fond\u00e9e en 1957, Vilagrasa est n\u00e9e comme un atelier sp\u00e9cialis\u00e9 dans le repoussage des m\u00e9taux et le travail du m\u00e9tal en g\u00e9n\u00e9ral. Nous pensons que l&#8217;avenir de la conception des corbeilles \u00e0 papier et des accessoires passe par l&#8217;analyse du comportement des utilisateurs. Notre processus de conception et de re-conception de chaque nouveau produit est le r\u00e9sultat d&#8217;une \u00e9tude de la fonction, de l&#8217;utilit\u00e9 et du contexte, ce qui garantit le succ\u00e8s de chacune de ses mises en \u0153uvre.<\/p>\n\n\n\n<p class=\"has-text-align-left\">Cette philosophie a marqu\u00e9 la ligne de l&#8217;entreprise depuis ses d\u00e9buts afin de fournir des solutions fonctionnelles qui \u00e9voluent pour offrir toute la qualit\u00e9 de ses produits et la meilleure solution pour chaque type d&#8217;espace.<\/p>\n\n\n\n<p><\/p>\n<\/div><\/div>\n\n\n\n<div class=\"wp-block-uagb-column uagb-column__wrap uagb-column__background-undefined uagb-block-a26c24ab\"><div class=\"uagb-column__overlay\"><\/div><div class=\"uagb-column__inner-wrap\">\n<figure class=\"wp-block-image size-full m-0\"><img decoding=\"async\" src=\"https:\/\/vilagrasa.com\/wp-content\/uploads\/2022\/05\/nosotros.png\" alt=\"\" class=\"wp-image-4819\"\/><\/figure>\n<\/div><\/div>\n<\/div><\/section>\n<\/div><\/section>\n\n<section class=\"wp-block-uagb-section uagb-section__wrap uagb-section__background-color alignfull uagb-block-f8a43bce\" id=\"nosotros-catalogo\"><div class=\"uagb-section__overlay\"><\/div><div class=\"uagb-section__inner-wrap\">\n<section class=\"wp-block-uagb-columns uagb-columns__wrap uagb-columns__background-undefined uagb-columns__stack-mobile uagb-columns__valign-undefined uagb-columns__gap-10 alignundefined uagb-block-5f5293d7\"><div class=\"uagb-columns__overlay\"><\/div><div class=\"uagb-columns__inner-wrap uagb-columns__columns-2\">\n<div class=\"wp-block-uagb-column uagb-column__wrap uagb-column__background-undefined uagb-block-1e89a991\"><div class=\"uagb-column__overlay\"><\/div><div class=\"uagb-column__inner-wrap\">\n<h2 class=\"has-text-color wp-block-heading\" style=\"color:#ddd7d3\">Catalogue<\/h2>\n\n\n\n<p class=\"has-text-color\" style=\"color:#ddd7d3\">T\u00e9l\u00e9chargez ici toute la documentation technique et commerciale de Vilagrasa.<br\/>Si vous souhaitez plus d&#8217;informations, n&#8217;h\u00e9sitez pas \u00e0 nous contacter pour un service personnalis\u00e9. Nous serons ravis de vous conseiller sur toute question relative \u00e0 votre projet.<\/p>\n\n\n\n<p class=\"ver-mas dark has-text-color\" style=\"color:#ddd7d3;font-size:18px\"><a href=\"https:\/\/vilagrasa.com\/wp-content\/uploads\/2022\/03\/Vilagrasa_2022_LO.pdf\">Voir plus<\/a><\/p>\n<\/div><\/div>\n\n\n\n<div class=\"wp-block-uagb-column uagb-column__wrap uagb-column__background-undefined uagb-block-0e698f9e\"><div class=\"uagb-column__overlay\"><\/div><div class=\"uagb-column__inner-wrap\">\n<figure class=\"wp-block-image aligncenter size-large\"><img decoding=\"async\" src=\"https:\/\/vilagrasa.com\/wp-content\/uploads\/2022\/03\/Catalogo_Vilagrasa_Web-1024x767.jpg\" alt=\"\" class=\"wp-image-1840\"\/><\/figure>\n<\/div><\/div>\n<\/div><\/section>\n<\/div><\/section>\n\n<section class=\"wp-block-uagb-section uagb-section__wrap uagb-section__background-undefined uagb-block-a3eebb8d\" id=\"nosotros-sumario-ii\"><div class=\"uagb-section__overlay\"><\/div><div class=\"uagb-section__inner-wrap\">\n<section class=\"wp-block-uagb-columns uagb-columns__wrap uagb-columns__background-undefined uagb-columns__stack-mobile uagb-columns__valign-undefined uagb-columns__gap-10 alignundefined uagb-block-b6f0d019\"><div class=\"uagb-columns__overlay\"><\/div><div class=\"uagb-columns__inner-wrap uagb-columns__columns-2\">\n<div class=\"wp-block-uagb-column uagb-column__wrap uagb-column__background-undefined uagb-block-110ffa3b\"><div class=\"uagb-column__overlay\"><\/div><div class=\"uagb-column__inner-wrap\">\n<h3 class=\"wp-block-heading\">Cr\u00e9ation des pi\u00e8ces pour am\u00e9liorer tous les types d&#8217;environnement<\/h3>\n\n\n\n<p>Notre catalogue offre une vari\u00e9t\u00e9 de produits cr\u00e9\u00e9s par des dessinateurs prestigieux qui collaborent avec l&#8217;entreprise dans le but d&#8217;offrir qualit\u00e9 et fonctionnalit\u00e9. Nos conceptions de corbeilles, portemanteaux et autres accessoires s&#8217;adaptent aux besoins des professionnels et des particuliers dans des espaces int\u00e9rieurs et ext\u00e9rieurs.<\/p>\n\n\n\n<p>Actuellement, nous exportons nos produits vers plus de 50 pays. Nous r\u00e9alisons \u00e9galement des projets au niveau international et des principaux studios d&#8217;architecture et de d\u00e9coration int\u00e9rieure nous font confiance.<\/p>\n<\/div><\/div>\n\n\n\n<div class=\"wp-block-uagb-column uagb-column__wrap uagb-column__background-undefined uagb-block-bdc670af\"><div class=\"uagb-column__overlay\"><\/div><div class=\"uagb-column__inner-wrap\">\n<h3 class=\"wp-block-heading\">Engagement en faveur du d\u00e9veloppement durable<\/h3>\n\n\n\n<p>Ax\u00e9s sur la production locale, il est essentiel pour Vilagrasa de pouvoir offrir les meilleures solutions de mani\u00e8re durable, en tenant toujours compte du bien-\u00eatre des personnes et de leur environnement. Tous nos produits sont fabriqu\u00e9s conform\u00e9ment aux normes environnementales les plus strictes et nos collaborateurs participent \u00e9nergiquement \u00e0 leur respect pour le bien-\u00eatre de notre plan\u00e8te.<\/p>\n<\/div><\/div>\n<\/div><\/section>\n<\/div><\/section>\n\n<section class=\"wp-block-uagb-section uagb-section__wrap uagb-section__background-undefined uagb-block-3a3b8a95\" id=\"nosotros-design\"><div class=\"uagb-section__overlay\"><\/div><div class=\"uagb-section__inner-wrap\">\n<section class=\"wp-block-uagb-columns uagb-columns__wrap uagb-columns__background-undefined uagb-columns__stack-mobile uagb-columns__valign-center uagb-columns__gap-10 alignundefined uagb-block-66ad0797\"><div class=\"uagb-columns__overlay\"><\/div><div class=\"uagb-columns__inner-wrap uagb-columns__columns-2\">\n<div class=\"wp-block-uagb-column uagb-column__wrap uagb-column__background-undefined uagb-block-165d437a\"><div class=\"uagb-column__overlay\"><\/div><div class=\"uagb-column__inner-wrap\">\n<h2 class=\"wp-block-heading\" style=\"font-size:70px\">Dessinateurs<\/h2>\n<\/div><\/div>\n\n\n\n<div class=\"wp-block-uagb-column uagb-column__wrap uagb-column__background-undefined uagb-block-0c406d89 ver-todos uag-hide-mob\"><div class=\"uagb-column__overlay\"><\/div><div class=\"uagb-column__inner-wrap\">\n<div class=\"wp-block-uagb-buttons uagb-buttons__outer-wrap uagb-block-558c2213\"><div class=\"uagb-buttons__wrap uagb-buttons-layout-wrap\">\n<div class=\"wp-block-uagb-buttons-child uagb-buttons__outer-wrap uagb-block-fd0c667e\"><div class=\"uagb-button__wrapper\"><a class=\"uagb-buttons-repeater\" href=\"https:\/\/vilagrasa.com\/disenadores\/\" rel=\"noopener noreferrer\" target=\"_self\"><div class=\"uagb-button__link\">Voir tous<\/div><\/a><\/div><\/div>\n<\/div><\/div>\n<\/div><\/div>\n<\/div><\/section>\n\n\n\n<section class=\"wp-block-uagb-columns uagb-columns__wrap uagb-columns__background-undefined uagb-columns__stack-mobile uagb-columns__valign-undefined uagb-columns__gap-10 alignundefined uagb-block-f99326d0 lista-design\" id=\"disenadores-mini\"><div class=\"uagb-columns__overlay\"><\/div><div class=\"uagb-columns__inner-wrap uagb-columns__columns-4\">\n<div class=\"wp-block-uagb-column uagb-column__wrap uagb-column__background-undefined uagb-block-f1fd1bef\"><div class=\"uagb-column__overlay\"><\/div><div class=\"uagb-column__inner-wrap\">\n<figure class=\"wp-block-image size-full m-0\"><a href=\"https:\/\/vilagrasa.com\/disenadores\/antoni-arola-jordi-tamayo\/\"><img decoding=\"async\" src=\"https:\/\/vilagrasa.com\/wp-content\/uploads\/2022\/03\/Antoni_Arola.jpg\" alt=\"\" class=\"wp-image-1517\"\/><\/a><\/figure>\n\n\n\n<p class=\"mt-15\"><a href=\"https:\/\/vilagrasa.com\/fr\/disenadores\/anton-arola-jordi-tamayo-fr\/\">Antoni Arola<\/a><\/p>\n<\/div><\/div>\n\n\n\n<div class=\"wp-block-uagb-column uagb-column__wrap uagb-column__background-undefined uagb-block-773563a8\"><div class=\"uagb-column__overlay\"><\/div><div class=\"uagb-column__inner-wrap\">\n<figure class=\"wp-block-image size-full m-0\"><a href=\"https:\/\/vilagrasa.com\/disenadores\/ricardo-bofill-taller-de-arquitectura\/\"><img decoding=\"async\" src=\"https:\/\/vilagrasa.com\/wp-content\/uploads\/2022\/03\/Ricardo_Bofill.jpg\" alt=\"\" class=\"wp-image-1529\"\/><\/a><\/figure>\n\n\n\n<p class=\"mt-15\"><a href=\"https:\/\/vilagrasa.com\/disenadores\/ricardo-bofill-taller-de-arquitectura\/\">Ricardo Bofill<\/a><\/p>\n<\/div><\/div>\n\n\n\n<div class=\"wp-block-uagb-column uagb-column__wrap uagb-column__background-undefined uagb-block-0ac1ef53\"><div class=\"uagb-column__overlay\"><\/div><div class=\"uagb-column__inner-wrap\">\n<figure class=\"wp-block-image size-full m-0\"><a href=\"https:\/\/vilagrasa.com\/disenadores\/pascual-salvador\/\"><img decoding=\"async\" src=\"https:\/\/vilagrasa.com\/wp-content\/uploads\/2022\/03\/Pascual_Salvador.jpg\" alt=\"\" class=\"wp-image-1527\"\/><\/a><\/figure>\n\n\n\n<p class=\"mt-15\"><a href=\"https:\/\/vilagrasa.com\/fr\/disenadores\/pascual-salvador-fr\/\">Pascual Salvador<\/a><\/p>\n<\/div><\/div>\n\n\n\n<div class=\"wp-block-uagb-column uagb-column__wrap uagb-column__background-undefined uagb-block-8215fd43\"><div class=\"uagb-column__overlay\"><\/div><div class=\"uagb-column__inner-wrap\">\n<figure class=\"wp-block-image size-full m-0\"><a href=\"https:\/\/vilagrasa.com\/disenadores\/roger-vancells\/\"><img decoding=\"async\" src=\"https:\/\/vilagrasa.com\/wp-content\/uploads\/2022\/03\/Roger_Vancells.jpg\" alt=\"\" class=\"wp-image-1530\"\/><\/a><\/figure>\n\n\n\n<p class=\"mt-15\"><a href=\"https:\/\/vilagrasa.com\/fr\/disenadores\/roger-vancells-fr\/\">Roger Vancells<\/a><\/p>\n<\/div><\/div>\n<\/div><\/section>\n\n\n\n<div class=\"wp-block-uagb-buttons uagb-buttons__outer-wrap uagb-block-45887774 uag-hide-desktop\"><div class=\"uagb-buttons__wrap uagb-buttons-layout-wrap\">\n<div class=\"wp-block-uagb-buttons-child uagb-buttons__outer-wrap uagb-block-3d38ff36\"><div class=\"uagb-button__wrapper\"><a class=\"uagb-buttons-repeater\" href=\"https:\/\/vilagrasa.com\/disenadores\/\" rel=\"noopener noreferrer\" target=\"_self\"><div class=\"uagb-button__link\">Voir tous<\/div><\/a><\/div><\/div>\n<\/div><\/div>\n<\/div><\/section>\n\n<section class=\"wp-block-uagb-section uagb-section__wrap uagb-section__background-color alignfull uagb-block-3c7fc7f1\"><div class=\"uagb-section__overlay\"><\/div><div class=\"uagb-section__inner-wrap\">\n<div class=\"wp-block-group alignfull has-text-color is-layout-constrained wp-block-group-is-layout-constrained\" id=\"contacto-descarga\" style=\"color:#ddd7d3\">\n<h3 class=\"alignwide fade-scroll m-xs-0 has-text-color wp-block-heading\" id=\"ofrecemos-soluciones-a-medida\" style=\"color:#ddd7d3;font-size:48px\">Nous offrons<br\/>des solutions sur mesure<\/h3>\n\n\n\n<div class=\"wp-block-columns alignwide fade-scroll m-xs-0 is-layout-flex wp-container-core-columns-is-layout-9d6595d7 wp-block-columns-is-layout-flex\">\n<div class=\"wp-block-column m-xs-0 is-layout-flow wp-block-column-is-layout-flow\">\n<p class=\"has-text-color has-medium-font-size\" style=\"color:#ddd7d3\">Contactez-nous, nous pouvons vous aider dans votre projet. <\/p>\n\n\n\n<p class=\"has-text-color has-medium-font-size\" style=\"color:#ddd7d3\">Nous nous adaptons \u00e0 tous les types de projets et nous sommes heureux de vous proposer la meilleure solution, y compris des options de personnalisation pour r\u00e9pondre \u00e0 vos besoins et garantir votre succ\u00e8s.<\/p>\n<\/div>\n\n\n\n<div class=\"wp-block-column light-form is-layout-flow wp-block-column-is-layout-flow\"><\/div>\n<\/div>\n<\/div>\n<\/div><\/section>\n","protected":false},"excerpt":{"rendered":"","protected":false},"author":2,"featured_media":0,"parent":0,"menu_order":0,"comment_status":"closed","ping_status":"closed","template":"","meta":{"_acf_changed":false,"_et_pb_use_builder":"","_et_pb_old_content":"","_et_gb_content_width":"","inline_featured_image":false,"footnotes":""},"class_list":["post-9223","page","type-page","status-publish","hentry"],"acf":[],"yoast_head":"<!-- This site is optimized with the Yoast SEO plugin v27.4 - https:\/\/yoast.com\/product\/yoast-seo-wordpress\/ -->\n<title>D\u00e9couvrez qui Compose notre Studio | Vilagrasa<\/title>\n<meta name=\"description\" content=\"D\u00e9couvrez l&#039;\u00e9quipe derri\u00e8re vilagrasa, nos designers, nos installations et notre histoire\" \/>\n<meta name=\"robots\" content=\"index, follow, max-snippet:-1, max-image-preview:large, max-video-preview:-1\" \/>\n<link rel=\"canonical\" href=\"https:\/\/vilagrasa.com\/fr\/a-propos-de-nous-2\/\" \/>\n<meta property=\"og:locale\" content=\"fr_FR\" \/>\n<meta property=\"og:type\" content=\"article\" \/>\n<meta property=\"og:title\" content=\"D\u00e9couvrez qui Compose notre Studio | Vilagrasa\" \/>\n<meta property=\"og:description\" content=\"D\u00e9couvrez l&#039;\u00e9quipe derri\u00e8re vilagrasa, nos designers, nos installations et notre histoire\" \/>\n<meta property=\"og:url\" content=\"https:\/\/vilagrasa.com\/fr\/a-propos-de-nous-2\/\" \/>\n<meta property=\"og:site_name\" content=\"Vilagrasa\" \/>\n<meta property=\"article:modified_time\" content=\"2024-10-11T08:30:00+00:00\" \/>\n<meta property=\"og:image\" content=\"https:\/\/vilagrasa.com\/wp-content\/uploads\/2021\/12\/Slider_FAMILIA_PAPELERAS.jpg\" \/>\n<meta name=\"twitter:card\" content=\"summary_large_image\" \/>\n<script type=\"application\/ld+json\" class=\"yoast-schema-graph\">{\"@context\":\"https:\\\/\\\/schema.org\",\"@graph\":[{\"@type\":\"WebPage\",\"@id\":\"https:\\\/\\\/vilagrasa.com\\\/fr\\\/a-propos-de-nous-2\\\/\",\"url\":\"https:\\\/\\\/vilagrasa.com\\\/fr\\\/a-propos-de-nous-2\\\/\",\"name\":\"D\u00e9couvrez qui Compose notre Studio | Vilagrasa\",\"isPartOf\":{\"@id\":\"https:\\\/\\\/vilagrasa.com\\\/fr\\\/#website\"},\"primaryImageOfPage\":{\"@id\":\"https:\\\/\\\/vilagrasa.com\\\/fr\\\/a-propos-de-nous-2\\\/#primaryimage\"},\"image\":{\"@id\":\"https:\\\/\\\/vilagrasa.com\\\/fr\\\/a-propos-de-nous-2\\\/#primaryimage\"},\"thumbnailUrl\":\"https:\\\/\\\/vilagrasa.com\\\/wp-content\\\/uploads\\\/2021\\\/12\\\/Slider_FAMILIA_PAPELERAS.jpg\",\"datePublished\":\"2023-04-19T10:01:29+00:00\",\"dateModified\":\"2024-10-11T08:30:00+00:00\",\"description\":\"D\u00e9couvrez l'\u00e9quipe derri\u00e8re vilagrasa, nos designers, nos installations et notre histoire\",\"breadcrumb\":{\"@id\":\"https:\\\/\\\/vilagrasa.com\\\/fr\\\/a-propos-de-nous-2\\\/#breadcrumb\"},\"inLanguage\":\"fr-FR\",\"potentialAction\":[{\"@type\":\"ReadAction\",\"target\":[\"https:\\\/\\\/vilagrasa.com\\\/fr\\\/a-propos-de-nous-2\\\/\"]}]},{\"@type\":\"ImageObject\",\"inLanguage\":\"fr-FR\",\"@id\":\"https:\\\/\\\/vilagrasa.com\\\/fr\\\/a-propos-de-nous-2\\\/#primaryimage\",\"url\":\"https:\\\/\\\/vilagrasa.com\\\/wp-content\\\/uploads\\\/2021\\\/12\\\/Slider_FAMILIA_PAPELERAS.jpg\",\"contentUrl\":\"https:\\\/\\\/vilagrasa.com\\\/wp-content\\\/uploads\\\/2021\\\/12\\\/Slider_FAMILIA_PAPELERAS.jpg\"},{\"@type\":\"BreadcrumbList\",\"@id\":\"https:\\\/\\\/vilagrasa.com\\\/fr\\\/a-propos-de-nous-2\\\/#breadcrumb\",\"itemListElement\":[{\"@type\":\"ListItem\",\"position\":1,\"name\":\"Inici\",\"item\":\"https:\\\/\\\/vilagrasa.com\\\/fr\\\/\"},{\"@type\":\"ListItem\",\"position\":2,\"name\":\"\u00c0 propos de nous\"}]},{\"@type\":\"WebSite\",\"@id\":\"https:\\\/\\\/vilagrasa.com\\\/fr\\\/#website\",\"url\":\"https:\\\/\\\/vilagrasa.com\\\/fr\\\/\",\"name\":\"Vilagrasa\",\"description\":\"Fabricante de mobiliario urbano - Papeleras de dise\u00f1o\",\"potentialAction\":[{\"@type\":\"SearchAction\",\"target\":{\"@type\":\"EntryPoint\",\"urlTemplate\":\"https:\\\/\\\/vilagrasa.com\\\/fr\\\/?s={search_term_string}\"},\"query-input\":{\"@type\":\"PropertyValueSpecification\",\"valueRequired\":true,\"valueName\":\"search_term_string\"}}],\"inLanguage\":\"fr-FR\"}]}<\/script>\n<!-- \/ Yoast SEO plugin. -->","yoast_head_json":{"title":"D\u00e9couvrez qui Compose notre Studio | Vilagrasa","description":"D\u00e9couvrez l'\u00e9quipe derri\u00e8re vilagrasa, nos designers, nos installations et notre histoire","robots":{"index":"index","follow":"follow","max-snippet":"max-snippet:-1","max-image-preview":"max-image-preview:large","max-video-preview":"max-video-preview:-1"},"canonical":"https:\/\/vilagrasa.com\/fr\/a-propos-de-nous-2\/","og_locale":"fr_FR","og_type":"article","og_title":"D\u00e9couvrez qui Compose notre Studio | Vilagrasa","og_description":"D\u00e9couvrez l'\u00e9quipe derri\u00e8re vilagrasa, nos designers, nos installations et notre histoire","og_url":"https:\/\/vilagrasa.com\/fr\/a-propos-de-nous-2\/","og_site_name":"Vilagrasa","article_modified_time":"2024-10-11T08:30:00+00:00","og_image":[{"url":"https:\/\/vilagrasa.com\/wp-content\/uploads\/2021\/12\/Slider_FAMILIA_PAPELERAS.jpg","type":"","width":"","height":""}],"twitter_card":"summary_large_image","schema":{"@context":"https:\/\/schema.org","@graph":[{"@type":"WebPage","@id":"https:\/\/vilagrasa.com\/fr\/a-propos-de-nous-2\/","url":"https:\/\/vilagrasa.com\/fr\/a-propos-de-nous-2\/","name":"D\u00e9couvrez qui Compose notre Studio | Vilagrasa","isPartOf":{"@id":"https:\/\/vilagrasa.com\/fr\/#website"},"primaryImageOfPage":{"@id":"https:\/\/vilagrasa.com\/fr\/a-propos-de-nous-2\/#primaryimage"},"image":{"@id":"https:\/\/vilagrasa.com\/fr\/a-propos-de-nous-2\/#primaryimage"},"thumbnailUrl":"https:\/\/vilagrasa.com\/wp-content\/uploads\/2021\/12\/Slider_FAMILIA_PAPELERAS.jpg","datePublished":"2023-04-19T10:01:29+00:00","dateModified":"2024-10-11T08:30:00+00:00","description":"D\u00e9couvrez l'\u00e9quipe derri\u00e8re vilagrasa, nos designers, nos installations et notre histoire","breadcrumb":{"@id":"https:\/\/vilagrasa.com\/fr\/a-propos-de-nous-2\/#breadcrumb"},"inLanguage":"fr-FR","potentialAction":[{"@type":"ReadAction","target":["https:\/\/vilagrasa.com\/fr\/a-propos-de-nous-2\/"]}]},{"@type":"ImageObject","inLanguage":"fr-FR","@id":"https:\/\/vilagrasa.com\/fr\/a-propos-de-nous-2\/#primaryimage","url":"https:\/\/vilagrasa.com\/wp-content\/uploads\/2021\/12\/Slider_FAMILIA_PAPELERAS.jpg","contentUrl":"https:\/\/vilagrasa.com\/wp-content\/uploads\/2021\/12\/Slider_FAMILIA_PAPELERAS.jpg"},{"@type":"BreadcrumbList","@id":"https:\/\/vilagrasa.com\/fr\/a-propos-de-nous-2\/#breadcrumb","itemListElement":[{"@type":"ListItem","position":1,"name":"Inici","item":"https:\/\/vilagrasa.com\/fr\/"},{"@type":"ListItem","position":2,"name":"\u00c0 propos de nous"}]},{"@type":"WebSite","@id":"https:\/\/vilagrasa.com\/fr\/#website","url":"https:\/\/vilagrasa.com\/fr\/","name":"Vilagrasa","description":"Fabricante de mobiliario urbano - Papeleras de dise\u00f1o","potentialAction":[{"@type":"SearchAction","target":{"@type":"EntryPoint","urlTemplate":"https:\/\/vilagrasa.com\/fr\/?s={search_term_string}"},"query-input":{"@type":"PropertyValueSpecification","valueRequired":true,"valueName":"search_term_string"}}],"inLanguage":"fr-FR"}]}},"_links":{"self":[{"href":"https:\/\/vilagrasa.com\/fr\/wp-json\/wp\/v2\/pages\/9223","targetHints":{"allow":["GET"]}}],"collection":[{"href":"https:\/\/vilagrasa.com\/fr\/wp-json\/wp\/v2\/pages"}],"about":[{"href":"https:\/\/vilagrasa.com\/fr\/wp-json\/wp\/v2\/types\/page"}],"author":[{"embeddable":true,"href":"https:\/\/vilagrasa.com\/fr\/wp-json\/wp\/v2\/users\/2"}],"replies":[{"embeddable":true,"href":"https:\/\/vilagrasa.com\/fr\/wp-json\/wp\/v2\/comments?post=9223"}],"version-history":[{"count":2,"href":"https:\/\/vilagrasa.com\/fr\/wp-json\/wp\/v2\/pages\/9223\/revisions"}],"predecessor-version":[{"id":248372,"href":"https:\/\/vilagrasa.com\/fr\/wp-json\/wp\/v2\/pages\/9223\/revisions\/248372"}],"wp:attachment":[{"href":"https:\/\/vilagrasa.com\/fr\/wp-json\/wp\/v2\/media?parent=9223"}],"curies":[{"name":"wp","href":"https:\/\/api.w.org\/{rel}","templated":true}]}}